{"id":283,"date":"2015-06-17T17:00:17","date_gmt":"2015-06-17T15:00:17","guid":{"rendered":"http:\/\/www.melonenschnitz.ch\/?page_id=283"},"modified":"2023-03-08T15:23:19","modified_gmt":"2023-03-08T14:23:19","slug":"links","status":"publish","type":"page","link":"https:\/\/www.melonenschnitz.ch\/links\/","title":{"rendered":"Links"},"content":{"rendered":"<p style=\"text-align: right;\"><img loading=\"lazy\" decoding=\"async\" class=\"alignnone  wp-image-10\" src=\"https:\/\/www.melonenschnitz.ch\/wp-content\/uploads\/LogoMitByline1_250-300x124.jpg\" alt=\"LogoMitByline1_250\" width=\"258\" height=\"107\" \/><\/p>\n<h3 style=\"text-align: left;\"><\/h3>\n<h3 style=\"text-align: left;\"><span style=\"color: #000000;\">Was wir f\u00fcr Sie gefunden haben:<\/span><\/h3>\n<h5 style=\"text-align: left;\"><\/h5>\n<h5 style=\"text-align: left;\"><\/h5>\n<h5>B\u00fccher<\/h5>\n<p style=\"padding-left: 30px;\"><a href=\"http:\/\/www.hierundjetzt.ch\/de\/catalogue\/stadtgeschichte-baden_15000011\" target=\"_blank\" rel=\"noopener noreferrer\">Stadtgeschichte Baden<\/a><\/p>\n<p style=\"padding-left: 30px;\"><a href=\"http:\/\/www.hierundjetzt.ch\/de\/catalogue\/konigsfelden_13000149\" target=\"_blank\" rel=\"noopener noreferrer\">K\u00f6nigsfelden<\/a><\/p>\n<p style=\"padding-left: 30px;\"><a href=\"http:\/\/www.hierundjetzt.ch\/de\/catalogue\/die-pfarrkirche-von-baden_13000247\" target=\"_blank\" rel=\"noopener noreferrer\">Pfarrkirche von Baden<\/a><\/p>\n<p style=\"padding-left: 30px;\"><a href=\"http:\/\/www.hierundjetzt.ch\/de\/catalogue\/glasmalerei-im-kanton-aargau-kloster-wettingen_13000281\" target=\"_blank\" rel=\"noopener noreferrer\">Glasmalerei im Kt. Aargau &#8211; Kloster Wettingen<\/a><\/p>\n<p style=\"padding-left: 30px;\"><a href=\"http:\/\/www.hierundjetzt.ch\/de\/catalogue\/baden_13000316\" target=\"_blank\" rel=\"noopener noreferrer\">Baden<\/a><\/p>\n<p style=\"padding-left: 30px;\"><a href=\"http:\/\/www.limmatverlag.ch\/programm\/titel\/149-global-town-baden.html\" target=\"_blank\" rel=\"noopener noreferrer\">Global Town<\/a><\/p>\n<p style=\"padding-left: 30px;\"><a href=\"http:\/\/wernercatrina.ch\/firmengeschichten2.html\" target=\"_blank\" rel=\"noopener noreferrer\">ABB &#8211; die verratene Vision<\/a><\/p>\n<p style=\"padding-left: 30px;\"><span style=\"color: #339966;\"><a href=\"http:\/\/www.hierundjetzt.ch\/de\/catalogue\/company-town_16000009\/\" target=\"_blank\" rel=\"noopener noreferrer\">CompanyTown<\/a><\/span><\/p>\n<p style=\"padding-left: 30px;\"><a href=\"http:\/\/www.hierundjetzt.ch\/de\/catalogue\/das-vergessene-grand-hotel_16000010\/\" target=\"_blank\" rel=\"noopener noreferrer\">Grand Hotel<\/a><\/p>\n<h5>Buchhandlungen<\/h5>\n<p style=\"padding-left: 30px;\"><a href=\"http:\/\/www.librium.ch\" target=\"_blank\" rel=\"noopener noreferrer\">Librium, Baden<\/a><\/p>\n<h5>Museen in der Region<\/h5>\n<p style=\"padding-left: 30px;\"><a href=\"http:\/\/www.museum.baden.ch\/xml_11\/internet\/de\/application\/d3166\/f4093.cfm\" target=\"_blank\" rel=\"noopener noreferrer\">Historisches Museum Baden <\/a><\/p>\n<p style=\"padding-left: 30px;\"><a href=\"http:\/\/www.kindermuseum.ch\/aktuell\" target=\"_blank\" rel=\"noopener noreferrer\">Kindermuseum Baden<\/a><\/p>\n<p style=\"padding-left: 30px;\"><a href=\"http:\/\/www.langmatt.ch\" target=\"_blank\" rel=\"noopener noreferrer\">Museum Langmatt<\/a><\/p>\n<p style=\"padding-left: 30px;\"><a href=\"https:\/\/www.museums.ch\/org\/de\/Elektromuseum\" target=\"_blank\" rel=\"noopener noreferrer\">Elektromuseum im Kraftwerk Kappelerhof<\/a><\/p>\n<p style=\"padding-left: 30px;\"><a href=\"https:\/\/www.pastoralraum-aargauer-limmattal.ch\/baden\/kirchenschatzmuseum\/#\">Kirchenschatzmuseum Baden<\/a><\/p>\n<p style=\"padding-left: 30px;\"><a href=\"https:\/\/ortsmuseum-bellikon.ch\">Ortsmuseum Bellikon<\/a><\/p>\n<p style=\"padding-left: 30px;\"><a href=\"https:\/\/www.museumaargau.ch\/vindonissa-museum\" target=\"_blank\" rel=\"noopener noreferrer\">Vindonissa Museum Brugg<\/a><\/p>\n<p style=\"padding-left: 30px;\"><a href=\"https:\/\/www.ag.ch\/de\/bks\/kultur\/museen_schloesser\/museum_aargau\/museum_aargau.jsp\" target=\"_blank\" rel=\"noopener noreferrer\">Museum Aargau<\/a><\/p>\n<h5>Museen Schweiz<\/h5>\n<p style=\"padding-left: 30px;\"><span style=\"color: #000000;\"><a href=\"http:\/\/www.museums.ch\" target=\"_blank\" rel=\"noopener noreferrer\">Plattform der Museen Schweiz<\/a><\/span><\/p>\n<h5>Historisches Museum Baden<\/h5>\n<p style=\"padding-left: 30px;\"><span style=\"color: #808080;\"><a href=\"https:\/\/museum.baden.ch\" target=\"_blank\" rel=\"noopener noreferrer\">Website des Museums<\/a><br \/>\n<a href=\"https:\/\/www.melonenschnitz.ch\/?page_id=86\">Direkte Links zu den Ausstellungen und zu den aktuellen Veranstaltungen<\/a><\/span><\/p>\n<h5>Geschichte Region Baden<\/h5>\n<p style=\"padding-left: 30px;\"><a href=\"http:\/\/www.vfhk.ch\/neujahrsblaetter\" target=\"_blank\" rel=\"noopener noreferrer\">Badener Neujahrsbl\u00e4tter<\/a><a href=\"https:\/\/www.chronikgruppe.ch\" target=\"_blank\" rel=\"noopener noreferrer\"><br \/>\nChronikgruppe D\u00e4ttwil <\/a><br \/>\n<a href=\"http:\/\/www.ruech.ch\" target=\"_blank\" rel=\"noopener noreferrer\">Chronikgruppe R\u00fctihof <\/a><\/p>\n<h5>Aargauer Geschichte<\/h5>\n<p style=\"padding-left: 30px;\"><a href=\"https:\/\/de.wikipedia.org\/wiki\/Geschichte_des_Kantons_Aargau\" target=\"_blank\" rel=\"noopener noreferrer\">Geschichte des Kantons Aargau auf Wikipedia<\/a><br \/>\n<a href=\"http:\/\/geschichte-aargau.ch\" target=\"_blank\" rel=\"noopener noreferrer\">Historische Gesellschaft des Kantons Aargau HGA (auch Jahrbuch &#8218;Argovia&#8216;)<\/a><\/p>\n<h5>Schweizergeschichte<\/h5>\n<p style=\"padding-left: 30px;\"><span style=\"color: #000000;\"><a href=\"http:\/\/www.hls-dhs-dss.ch\" target=\"_blank\" rel=\"noopener noreferrer\">Historisches Lexikon der Schweiz HLS<\/a><\/span><\/p>\n<h5>Industriekultur<\/h5>\n<p style=\"padding-left: 30px;\"><a href=\"https:\/\/www.melonenschnitz.ch\/?page_id=205\"><span style=\"color: #339966;\">Links zu diesem Thema auf unserer Seite <em>Industriekulturpfad<\/em><\/span><\/a><\/p>\n<h5>Archive<\/h5>\n<p style=\"padding-left: 30px;\"><a href=\"https:\/\/museum.baden.ch\/de\/startseite\/stadtarchiv.html\/414\">Stadtarchiv Baden<\/a><br \/>\n<a href=\"http:\/\/www.fotoarchiv-wettingen.ch\" target=\"_blank\" rel=\"noopener noreferrer\">Fotoarchiv Wettingen<\/a><br \/>\n<a href=\"https:\/\/www.ag.ch\/de\/bks\/kultur\/archiv_bibliothek\/staatsarchiv\/staatsarchiv.jsp\" target=\"_blank\" rel=\"noopener noreferrer\">Staatsarchiv des Kantons Aargau<br \/>\n<\/a><a href=\"https:\/\/www.bar.admin.ch\/bar\/de\/home.html\" target=\"_blank\" rel=\"noopener noreferrer\">Schweiz. Bundesarchiv<\/a><\/p>\n","protected":false},"excerpt":{"rendered":"<p>Was wir f\u00fcr Sie gefunden haben: B\u00fccher Stadtgeschichte Baden K\u00f6nigsfelden Pfarrkirche von Baden Glasmalerei im Kt. Aargau &#8211; Kloster Wettingen Baden Global Town ABB &#8211; die verratene Vision CompanyTown Grand Hotel Buchhandlungen Librium, Baden Museen in der Region Historisches Museum&hellip; <\/p>\n","protected":false},"author":3,"featured_media":0,"parent":0,"menu_order":0,"comment_status":"closed","ping_status":"closed","template":"","meta":{"footnotes":""},"class_list":["post-283","page","type-page","status-publish","hentry"],"_links":{"self":[{"href":"https:\/\/www.melonenschnitz.ch\/wp-json\/wp\/v2\/pages\/283","targetHints":{"allow":["GET"]}}],"collection":[{"href":"https:\/\/www.melonenschnitz.ch\/wp-json\/wp\/v2\/pages"}],"about":[{"href":"https:\/\/www.melonenschnitz.ch\/wp-json\/wp\/v2\/types\/page"}],"author":[{"embeddable":true,"href":"https:\/\/www.melonenschnitz.ch\/wp-json\/wp\/v2\/users\/3"}],"replies":[{"embeddable":true,"href":"https:\/\/www.melonenschnitz.ch\/wp-json\/wp\/v2\/comments?post=283"}],"version-history":[{"count":50,"href":"https:\/\/www.melonenschnitz.ch\/wp-json\/wp\/v2\/pages\/283\/revisions"}],"predecessor-version":[{"id":1491,"href":"https:\/\/www.melonenschnitz.ch\/wp-json\/wp\/v2\/pages\/283\/revisions\/1491"}],"wp:attachment":[{"href":"https:\/\/www.melonenschnitz.ch\/wp-json\/wp\/v2\/media?parent=283"}],"curies":[{"name":"wp","href":"https:\/\/api.w.org\/{rel}","templated":true}]}}